{"id":1723,"date":"2025-11-08T18:41:35","date_gmt":"2025-11-08T18:41:35","guid":{"rendered":"https:\/\/marbellaw.eu\/politica-de-privacidad\/"},"modified":"2026-06-22T14:00:31","modified_gmt":"2026-06-22T14:00:31","slug":"politica-de-privacidad","status":"publish","type":"page","link":"https:\/\/marbellaw.eu\/ro\/politica-de-privacidad\/","title":{"rendered":"Politica de confiden\u021bialitate"},"content":{"rendered":"<div class=\"wpb-content-wrapper\"><p>[vc_row css=&#8221;.vc_custom_1762627331275{padding-top: 100px !important;padding-right: 100px !important;padding-bottom: 100px !important;padding-left: 100px !important;}&#8221; conditional_render=&#8221;%5B%7B%22value_role%22%3A%22administrator%22%7D%5D&#8221; css_params=&#8221;&#8221;][vc_column][vc_column_text css=&#8221;&#8221; css_params=&#8221;&#8221;]<\/p>\n<p>\u00cen conformitate cu dispozi\u021biile <strong>Regulamentului (UE) 2016\/679 al Parlamentului European \u0219i al Consiliului (RGPD)<\/strong> \u0219i ale <strong>Legii Organice 3\/2018 privind protec\u021bia datelor cu caracter personal \u0219i garantarea drepturilor digitale (LOPDGDD)<\/strong>, utilizatorii acestui site web sunt informa\u021bi cu privire la prelucrarea datelor lor cu caracter personal.<\/p>\n<h3><strong>1. Operatorul de date<\/strong><\/h2>\n<p><strong>Proprietar:<\/strong> Ferenc Bindics<br \/><strong>CIF:<\/strong> Y7899140B<br \/><strong>Adres\u0103:<\/strong> C\/ Urb. Santa Maria Village B14 P5, 29604 Marbella (Spania)<br \/><strong>Telefon:<\/strong> 609 838 005<br \/><strong>E-mail:<\/strong> <a class=\"decorated-link cursor-pointer\" rel=\"noopener\">info@marbellaw.hu<\/a><\/p>\n<h3><strong>2. Scopul prelucr\u0103rii<\/strong><\/h2>\n<p>Datele cu caracter personal colectate prin intermediul acestui site web pot fi utilizate \u00een urm\u0103toarele scopuri:<\/p>\n<ul>\n<li>\n<p>Gestionarea cererilor de informa\u021bii sau de contact formulate de utilizatori.<\/p>\n<\/li>\n<li>\n<p>R\u0103spunsul la \u00eentreb\u0103ri, comentarii sau solicit\u0103ri trimise prin formularele de contact.<\/p>\n<\/li>\n<li>\n<p>Trimiterea de comunic\u0103ri informative sau comerciale legate de serviciile operatorului, cu condi\u021bia ca utilizatorul s\u0103 \u00ee\u0219i fi dat consim\u021b\u0103m\u00e2ntul expres.<\/p>\n<\/li>\n<li>\n<p>\u00cendeplinirea obliga\u021biilor legale care decurg din activit\u0103\u021bile operatorului.<\/p>\n<\/li>\n<\/ul>\n<h3><strong>3. Temeiul juridic<\/strong><\/h2>\n<p>Prelucrarea datelor se bazeaz\u0103 pe <strong>consim\u021b\u0103m\u00e2ntul utilizatorului<\/strong>, care se consider\u0103 acordat prin completarea \u0219i trimiterea formularelor de contact sau prin contactarea voluntar\u0103 a operatorului.<br \/>\u00cen anumite cazuri, prelucrarea se poate baza pe \u00eendeplinirea obliga\u021biilor legale sau pe executarea unui raport contractual.<\/p>\n<h3><strong>4. P\u0103strarea datelor<\/strong><\/h2>\n<p>Datele cu caracter personal vor fi p\u0103strate pe perioada necesar\u0103 \u00eendeplinirii scopului pentru care au fost colectate \u0219i, ulterior, pe perioadele stabilite legal pentru a r\u0103spunde eventualelor r\u0103spunderi.<\/p>\n<h3><strong>5. Divulgarea datelor c\u0103tre ter\u021bi<\/strong><\/h2>\n<p>Datele nu vor fi divulgate c\u0103tre ter\u021bi, cu excep\u021bia cazurilor prev\u0103zute de lege sau a cazurilor necesare pentru furnizarea corect\u0103 a serviciului (de exemplu, furnizori de tehnologie cu care s-a \u00eencheiat contractul corespunz\u0103tor de prelucrare a datelor).<\/p>\n<h3><strong>6. Drepturile utilizatorilor<\/strong><\/h2>\n<p>Utilizatorii \u00ee\u0219i pot exercita \u00een orice moment urm\u0103toarele drepturi:<\/p>\n<ul>\n<li>\n<p><strong>Acces:<\/strong> pentru a cunoa\u0219te ce date cu caracter personal sunt prelucrate.<\/p>\n<\/li>\n<li>\n<p><strong>Rectificare:<\/strong> pentru a solicita corectarea datelor inexacte.<\/p>\n<\/li>\n<li>\n<p><strong>\u0218tergere:<\/strong> pentru a solicita eliminarea datelor atunci c\u00e2nd acestea nu mai sunt necesare.<\/p>\n<\/li>\n<li>\n<p><strong>Restric\u021bionarea prelucr\u0103rii:<\/strong> pentru a solicita limitarea utiliz\u0103rii datelor \u00een anumite cazuri.<\/p>\n<\/li>\n<li>\n<p><strong>Opozi\u021bie:<\/strong> pentru a se opune prelucr\u0103rii datelor.<\/p>\n<\/li>\n<li>\n<p><strong>Portabilitate:<\/strong> pentru a primi datele \u00eentr-un format structurat, utilizat \u00een mod obi\u0219nuit, sau pentru a solicita transmiterea acestora c\u0103tre un alt operator.<\/p>\n<\/li>\n<\/ul>\n<p>Pentru exercitarea acestor drepturi, utilizatorul poate trimite o cerere scris\u0103 \u00eenso\u021bit\u0103 de o copie a documentului de identitate la:<\/p>\n<p>\ud83d\udce9 <strong>E-mail:<\/strong> <a class=\"decorated-link cursor-pointer\" rel=\"noopener\">info@marbellaw.hu<\/a><br \/>\ud83d\udcee <strong>Adres\u0103 po\u0219tal\u0103:<\/strong> C\/ Urb. Santa Maria Village B14 P5, 29604 Marbella (Spania)<\/p>\n<p>Dac\u0103 utilizatorul consider\u0103 c\u0103 drepturile sale nu au fost respectate \u00een mod corespunz\u0103tor, poate depune o reclama\u021bie la <strong>Agen\u021bia Spaniol\u0103 pentru Protec\u021bia Datelor (AEPD)<\/strong> prin intermediul <a class=\"decorated-link\" href=\"https:\/\/www.aepd.es\" target=\"_new\" rel=\"noopener\">www.aepd.es<\/a>.<\/p>\n<h3><strong>7. Securitatea datelor<\/strong><\/h2>\n<p><strong>Ferenc Bindics<\/strong> a adoptat m\u0103surile tehnice \u0219i organizatorice necesare pentru a garanta securitatea \u0219i confiden\u021bialitatea datelor cu caracter personal, prevenind alterarea, pierderea, prelucrarea sau accesul neautorizat la acestea.<\/p>\n<h3><strong>8. Modific\u0103ri ale politicii de confiden\u021bialitate<\/strong><\/h2>\n<p><strong>Ferenc Bindics<\/strong> \u00ee\u0219i rezerv\u0103 dreptul de a modifica prezenta politic\u0103 pentru a o adapta la noile prevederi legislative sau la schimb\u0103rile din practicile sale. \u00cen acest caz, modific\u0103rile vor fi publicate pe acela\u0219i site web cu un preaviz adecvat.<\/p>\n<p>[\/vc_column_text][\/vc_column][\/vc_row]<\/p>\n<\/div>","protected":false},"excerpt":{"rendered":"<p>[vc_row css=&#8221;.vc_custom_1762627331275{padding-top: 100px !important;padding-right: 100px !important;padding-bottom: 100px !important;padding-left: 100px !important;}&#8221; conditional_render=&#8221;%5B%7B%22value_role%22%3A%22administrator%22%7D%5D&#8221; css_params=&#8221;&#8221;][vc_column][vc_column_text css=&#8221;&#8221; css_params=&#8221;&#8221;] \u00cen conformitate cu dispozi\u021biile Regulamentului (UE) 2016\/679 al Parlamentului European \u0219i al Consiliului (RGPD) \u0219i ale Legii Organice 3\/2018 privind protec\u021bia datelor cu caracter personal \u0219i garantarea drepturilor digitale (LOPDGDD), utilizatorii acestui site web sunt informa\u021bi cu privire la prelucrarea datelor [&hellip;]<\/p>\n","protected":false},"author":2,"featured_media":0,"parent":0,"menu_order":0,"comment_status":"closed","ping_status":"closed","template":"","meta":{"_acf_changed":false,"content-type":"","footnotes":""},"class_list":["post-1723","page","type-page","status-publish","hentry"],"acf":[],"_links":{"self":[{"href":"https:\/\/marbellaw.eu\/ro\/wp-json\/wp\/v2\/pages\/1723","targetHints":{"allow":["GET"]}}],"collection":[{"href":"https:\/\/marbellaw.eu\/ro\/wp-json\/wp\/v2\/pages"}],"about":[{"href":"https:\/\/marbellaw.eu\/ro\/wp-json\/wp\/v2\/types\/page"}],"author":[{"embeddable":true,"href":"https:\/\/marbellaw.eu\/ro\/wp-json\/wp\/v2\/users\/2"}],"replies":[{"embeddable":true,"href":"https:\/\/marbellaw.eu\/ro\/wp-json\/wp\/v2\/comments?post=1723"}],"version-history":[{"count":3,"href":"https:\/\/marbellaw.eu\/ro\/wp-json\/wp\/v2\/pages\/1723\/revisions"}],"predecessor-version":[{"id":2019,"href":"https:\/\/marbellaw.eu\/ro\/wp-json\/wp\/v2\/pages\/1723\/revisions\/2019"}],"wp:attachment":[{"href":"https:\/\/marbellaw.eu\/ro\/wp-json\/wp\/v2\/media?parent=1723"}],"curies":[{"name":"wp","href":"https:\/\/api.w.org\/{rel}","templated":true}]}}